{"id":2862,"date":"2024-10-10T15:12:25","date_gmt":"2024-10-10T15:12:25","guid":{"rendered":"https:\/\/marcb88.sg-host.com\/por-el-usuario-2\/"},"modified":"2026-02-16T09:04:37","modified_gmt":"2026-02-16T09:04:37","slug":"por-el-usuario-2","status":"publish","type":"page","link":"https:\/\/aurafundacio.org\/es\/por-el-usuario-2\/","title":{"rendered":"Por el usuario"},"content":{"rendered":"\t\t<div data-elementor-type=\"wp-page\" data-elementor-id=\"2862\" class=\"elementor elementor-2862 elementor-2627\" data-elementor-post-type=\"page\">\n\t\t\t\t\t\t<section class=\"elementor-section elementor-top-section elementor-element elementor-element-e6fa124 elementor-section-boxed elementor-section-height-default elementor-section-height-default\" data-id=\"e6fa124\" data-element_type=\"section\" data-e-type=\"section\">\n\t\t\t\t\t\t<div class=\"elementor-container elementor-column-gap-default\">\n\t\t\t\t\t<div class=\"elementor-column elementor-col-50 elementor-top-column elementor-element elementor-element-03c6b13\" data-id=\"03c6b13\" data-element_type=\"column\" data-e-type=\"column\">\n\t\t\t<div class=\"elementor-widget-wrap elementor-element-populated\">\n\t\t\t\t\t\t<div class=\"elementor-element elementor-element-3c8a2e8 elementor-widget elementor-widget-heading\" data-id=\"3c8a2e8\" data-element_type=\"widget\" data-e-type=\"widget\" data-widget_type=\"heading.default\">\n\t\t\t\t<div class=\"elementor-widget-container\">\n\t\t\t\t\t<h2 class=\"elementor-heading-title elementor-size-default\">DESCUBRE UN ESPACIO <b>QUE CREE EN TI<\/b><\/h2>\t\t\t\t<\/div>\n\t\t\t\t<\/div>\n\t\t\t\t<div class=\"elementor-element elementor-element-2866979 elementor-widget elementor-widget-text-editor\" data-id=\"2866979\" data-element_type=\"widget\" data-e-type=\"widget\" data-widget_type=\"text-editor.default\">\n\t\t\t\t<div class=\"elementor-widget-container\">\n\t\t\t\t\t\t\t\t\t<p><strong>\u00bfQU\u00c9 HACEMOS?<\/strong><\/p><p><strong>Para las personas usuarias.<\/strong><\/p><p>Te acompa\u00f1amos en tu d\u00eda a d\u00eda<br> para que puedas decidir c\u00f3mo quieres vivir tu vida.<\/p><p>Te ofrecemos los apoyos necesarios<br>para encontrar un trabajo adecuado<br>a tus necesidades y capacidades.<\/p><p>Vivir de forma independiente,<br>recibir una educaci\u00f3n y trabajar<br>son derechos de todas las personas<br>para conseguir la plena participaci\u00f3n en la sociedad.<\/p><p>Y lo hacemos con un plan centrado en ti y en tu familia. <\/p><p>PCP,<strong> Plan Centrado en la Persona.<\/strong><\/p><p>(Con el apoyo del Departamento de Derechos Sociales e Inclusi\u00f3n de la Generalidad de Catalu\u00f1a)<\/p>\t\t\t\t\t\t\t\t<\/div>\n\t\t\t\t<\/div>\n\t\t\t\t\t<\/div>\n\t\t<\/div>\n\t\t\t\t<div class=\"elementor-column elementor-col-50 elementor-top-column elementor-element elementor-element-edc639f\" data-id=\"edc639f\" data-element_type=\"column\" data-e-type=\"column\">\n\t\t\t<div class=\"elementor-widget-wrap elementor-element-populated\">\n\t\t\t\t\t\t<div class=\"elementor-element elementor-element-c345341 elementor-widget__width-initial elementor-widget elementor-widget-image\" data-id=\"c345341\" data-element_type=\"widget\" data-e-type=\"widget\" data-widget_type=\"image.default\">\n\t\t\t\t<div class=\"elementor-widget-container\">\n\t\t\t\t\t\t\t\t\t\t\t\t\t\t\t<img fetchpriority=\"high\" decoding=\"async\" width=\"768\" height=\"1024\" src=\"https:\/\/aurafundacio.org\/wp-content\/uploads\/2023\/11\/MicrosoftTeams-image-54-e1699607922167.png\" class=\"attachment-large size-large wp-image-1716\" alt=\"\" \/>\t\t\t\t\t\t\t\t\t\t\t\t\t\t\t<\/div>\n\t\t\t\t<\/div>\n\t\t\t\t\t<\/div>\n\t\t<\/div>\n\t\t\t\t\t<\/div>\n\t\t<\/section>\n\t\t\t\t<section class=\"elementor-section elementor-top-section elementor-element elementor-element-2bc0c85 elementor-section-boxed elementor-section-height-default elementor-section-height-default\" data-id=\"2bc0c85\" data-element_type=\"section\" data-e-type=\"section\">\n\t\t\t\t\t\t<div class=\"elementor-container elementor-column-gap-default\">\n\t\t\t\t\t<div class=\"elementor-column elementor-col-50 elementor-top-column elementor-element elementor-element-70dc51f\" data-id=\"70dc51f\" data-element_type=\"column\" data-e-type=\"column\">\n\t\t\t<div class=\"elementor-widget-wrap elementor-element-populated\">\n\t\t\t\t\t\t<div class=\"elementor-element elementor-element-ff96968 elementor-widget elementor-widget-menu-anchor\" data-id=\"ff96968\" data-element_type=\"widget\" data-e-type=\"widget\" data-widget_type=\"menu-anchor.default\">\n\t\t\t\t<div class=\"elementor-widget-container\">\n\t\t\t\t\t\t\t<div class=\"elementor-menu-anchor\" id=\"inicial\"><\/div>\n\t\t\t\t\t\t<\/div>\n\t\t\t\t<\/div>\n\t\t\t\t<div class=\"elementor-element elementor-element-210758f elementor-widget elementor-widget-image\" data-id=\"210758f\" data-element_type=\"widget\" data-e-type=\"widget\" data-widget_type=\"image.default\">\n\t\t\t\t<div class=\"elementor-widget-container\">\n\t\t\t\t\t\t\t\t\t\t\t\t\t\t\t<img decoding=\"async\" width=\"800\" height=\"600\" src=\"https:\/\/aurafundacio.org\/wp-content\/uploads\/2024\/11\/20240619_140319000_iOS-1024x768.jpg\" class=\"attachment-large size-large wp-image-2731\" alt=\"\" srcset=\"https:\/\/aurafundacio.org\/wp-content\/uploads\/2024\/11\/20240619_140319000_iOS-1024x768.jpg 1024w, https:\/\/aurafundacio.org\/wp-content\/uploads\/2024\/11\/20240619_140319000_iOS-300x225.jpg 300w, https:\/\/aurafundacio.org\/wp-content\/uploads\/2024\/11\/20240619_140319000_iOS-768x576.jpg 768w, https:\/\/aurafundacio.org\/wp-content\/uploads\/2024\/11\/20240619_140319000_iOS-1536x1152.jpg 1536w, https:\/\/aurafundacio.org\/wp-content\/uploads\/2024\/11\/20240619_140319000_iOS-600x450.jpg 600w, https:\/\/aurafundacio.org\/wp-content\/uploads\/2024\/11\/20240619_140319000_iOS.jpg 1600w\" sizes=\"(max-width: 800px) 100vw, 800px\" \/>\t\t\t\t\t\t\t\t\t\t\t\t\t\t\t<\/div>\n\t\t\t\t<\/div>\n\t\t\t\t\t<\/div>\n\t\t<\/div>\n\t\t\t\t<div class=\"elementor-column elementor-col-50 elementor-top-column elementor-element elementor-element-706ca36\" data-id=\"706ca36\" data-element_type=\"column\" data-e-type=\"column\">\n\t\t\t<div class=\"elementor-widget-wrap elementor-element-populated\">\n\t\t\t\t\t\t<div class=\"elementor-element elementor-element-d55cd54 elementor-widget elementor-widget-heading\" data-id=\"d55cd54\" data-element_type=\"widget\" data-e-type=\"widget\" data-widget_type=\"heading.default\">\n\t\t\t\t<div class=\"elementor-widget-container\">\n\t\t\t\t\t<h2 class=\"elementor-heading-title elementor-size-default\">PROGRAMA <b>INICIAL<\/b><\/h2>\t\t\t\t<\/div>\n\t\t\t\t<\/div>\n\t\t\t\t<div class=\"elementor-element elementor-element-121d729 elementor-widget elementor-widget-text-editor\" data-id=\"121d729\" data-element_type=\"widget\" data-e-type=\"widget\" data-widget_type=\"text-editor.default\">\n\t\t\t\t<div class=\"elementor-widget-container\">\n\t\t\t\t\t\t\t\t\t<p><strong>\u00bfA qui\u00e9n se dirige?<\/strong><\/p><p>A j\u00f3venes de entre 16 y 21 a\u00f1os que cursan:<\/p><ul><li>PFI: Programas de formaci\u00f3n e inserci\u00f3n<\/li><li>IFE: Itinerarios formativos espec\u00edficos<\/li><li>TVA: Transici\u00f3n a la vida adulta <\/li><li>CFGM: Ciclos formativos de grado medio <\/li><\/ul><p><strong> <\/strong><\/p><p><strong>\u00bfQu\u00e9 ofrecemos?<\/strong><\/p><p>Apoyo y acompa\u00f1amiento en la nueva etapa personal<br>y profesional para tener m\u00e1s autonom\u00eda<br>y responsabilidad.<\/p><p><strong>\u00bfC\u00f3mo lo hacemos?<\/strong><\/p><p>Trabajamos en grupos peque\u00f1os, de entre 4 y 6 personas,<br>que comparten unos mismos intereses,<br>motivaciones e inquietudes.<\/p>\t\t\t\t\t\t\t\t<\/div>\n\t\t\t\t<\/div>\n\t\t\t\t\t<\/div>\n\t\t<\/div>\n\t\t\t\t\t<\/div>\n\t\t<\/section>\n\t\t\t\t<section class=\"elementor-section elementor-top-section elementor-element elementor-element-2888aad elementor-section-boxed elementor-section-height-default elementor-section-height-default\" data-id=\"2888aad\" data-element_type=\"section\" data-e-type=\"section\">\n\t\t\t\t\t\t<div class=\"elementor-container elementor-column-gap-default\">\n\t\t\t\t\t<div class=\"elementor-column elementor-col-50 elementor-top-column elementor-element elementor-element-7e577a6\" data-id=\"7e577a6\" data-element_type=\"column\" data-e-type=\"column\">\n\t\t\t<div class=\"elementor-widget-wrap elementor-element-populated\">\n\t\t\t\t\t\t<div class=\"elementor-element elementor-element-1daa382 elementor-widget elementor-widget-menu-anchor\" data-id=\"1daa382\" data-element_type=\"widget\" data-e-type=\"widget\" data-widget_type=\"menu-anchor.default\">\n\t\t\t\t<div class=\"elementor-widget-container\">\n\t\t\t\t\t\t\t<div class=\"elementor-menu-anchor\" id=\"laboral\"><\/div>\n\t\t\t\t\t\t<\/div>\n\t\t\t\t<\/div>\n\t\t\t\t<div class=\"elementor-element elementor-element-ef0fc17 elementor-widget elementor-widget-image\" data-id=\"ef0fc17\" data-element_type=\"widget\" data-e-type=\"widget\" data-widget_type=\"image.default\">\n\t\t\t\t<div class=\"elementor-widget-container\">\n\t\t\t\t\t\t\t\t\t\t\t\t\t\t\t<img decoding=\"async\" width=\"800\" height=\"600\" src=\"https:\/\/aurafundacio.org\/wp-content\/uploads\/2024\/11\/WhatsApp-Image-2024-04-30-at-13.54.04-1024x768.jpg\" class=\"attachment-large size-large wp-image-2734\" alt=\"\" srcset=\"https:\/\/aurafundacio.org\/wp-content\/uploads\/2024\/11\/WhatsApp-Image-2024-04-30-at-13.54.04-1024x768.jpg 1024w, https:\/\/aurafundacio.org\/wp-content\/uploads\/2024\/11\/WhatsApp-Image-2024-04-30-at-13.54.04-300x225.jpg 300w, https:\/\/aurafundacio.org\/wp-content\/uploads\/2024\/11\/WhatsApp-Image-2024-04-30-at-13.54.04-768x576.jpg 768w, https:\/\/aurafundacio.org\/wp-content\/uploads\/2024\/11\/WhatsApp-Image-2024-04-30-at-13.54.04-1536x1152.jpg 1536w, https:\/\/aurafundacio.org\/wp-content\/uploads\/2024\/11\/WhatsApp-Image-2024-04-30-at-13.54.04-600x450.jpg 600w, https:\/\/aurafundacio.org\/wp-content\/uploads\/2024\/11\/WhatsApp-Image-2024-04-30-at-13.54.04.jpg 1600w\" sizes=\"(max-width: 800px) 100vw, 800px\" \/>\t\t\t\t\t\t\t\t\t\t\t\t\t\t\t<\/div>\n\t\t\t\t<\/div>\n\t\t\t\t\t<\/div>\n\t\t<\/div>\n\t\t\t\t<div class=\"elementor-column elementor-col-50 elementor-top-column elementor-element elementor-element-3da42d5\" data-id=\"3da42d5\" data-element_type=\"column\" data-e-type=\"column\">\n\t\t\t<div class=\"elementor-widget-wrap elementor-element-populated\">\n\t\t\t\t\t\t<div class=\"elementor-element elementor-element-9636388 elementor-widget elementor-widget-heading\" data-id=\"9636388\" data-element_type=\"widget\" data-e-type=\"widget\" data-widget_type=\"heading.default\">\n\t\t\t\t<div class=\"elementor-widget-container\">\n\t\t\t\t\t<h2 class=\"elementor-heading-title elementor-size-default\">PROGRAMA <b>LABORAL<\/b> <\/h2>\t\t\t\t<\/div>\n\t\t\t\t<\/div>\n\t\t\t\t<div class=\"elementor-element elementor-element-25b86b1 elementor-widget elementor-widget-text-editor\" data-id=\"25b86b1\" data-element_type=\"widget\" data-e-type=\"widget\" data-widget_type=\"text-editor.default\">\n\t\t\t\t<div class=\"elementor-widget-container\">\n\t\t\t\t\t\t\t\t\t<p><strong>\u00bfA qui\u00e9n se dirige?<\/strong><\/p><p>A personas mayores de 18 a\u00f1os<br>que han terminado su formaci\u00f3n<br>y quieren encontrar trabajo.<\/p><p> <\/p><p><strong>\u00bfQu\u00e9 ofrecemos?<\/strong><\/p><p>Un servicio adaptado a las necesidades de la persona<br>para ayudarte a encontrar trabajo, mantenerlo<br>y mejorar d\u00eda a d\u00eda.<\/p><p>Este servicio se llama <strong>Empleo con apoyo.<\/strong><\/p><p> <\/p><p><strong>\u00bfC\u00f3mo lo hacemos?<\/strong><\/p><p>Respetamos la autonom\u00eda de la persona<br>y te apoyamos para potenciar habilidades como:<\/p><ul><li>Responsabilidad.<\/li><li>Compromiso.<\/li><li>Toma de decisiones.<\/li><li>Motivaci\u00f3n por trabajar.<\/li><\/ul>\t\t\t\t\t\t\t\t<\/div>\n\t\t\t\t<\/div>\n\t\t\t\t<div class=\"elementor-element elementor-element-b920b3a elementor-widget elementor-widget-accordion\" data-id=\"b920b3a\" data-element_type=\"widget\" data-e-type=\"widget\" data-widget_type=\"accordion.default\">\n\t\t\t\t<div class=\"elementor-widget-container\">\n\t\t\t\t\t\t\t<div class=\"elementor-accordion\">\n\t\t\t\t\t\t\t<div class=\"elementor-accordion-item\">\n\t\t\t\t\t<div id=\"elementor-tab-title-1941\" class=\"elementor-tab-title\" data-tab=\"1\" role=\"button\" aria-controls=\"elementor-tab-content-1941\" aria-expanded=\"false\">\n\t\t\t\t\t\t\t\t\t\t\t\t\t<span class=\"elementor-accordion-icon elementor-accordion-icon-left\" aria-hidden=\"true\">\n\t\t\t\t\t\t\t\t\t\t\t\t\t\t\t<span class=\"elementor-accordion-icon-closed\"><i class=\"fas fa-plus\"><\/i><\/span>\n\t\t\t\t\t\t\t\t<span class=\"elementor-accordion-icon-opened\"><i class=\"fas fa-minus\"><\/i><\/span>\n\t\t\t\t\t\t\t\t\t\t\t\t\t\t<\/span>\n\t\t\t\t\t\t\t\t\t\t\t\t<a class=\"elementor-accordion-title\" tabindex=\"0\">Seguimos diferentes itinerarios<\/a>\n\t\t\t\t\t<\/div>\n\t\t\t\t\t<div id=\"elementor-tab-content-1941\" class=\"elementor-tab-content elementor-clearfix\" data-tab=\"1\" role=\"region\" aria-labelledby=\"elementor-tab-title-1941\"><p><strong>FORMACI\u00d3N PRE-LABORAL<\/strong><\/p>\n<p>Es una formaci\u00f3n para personas que buscan trabajo.<\/p>\n<p>En cada sesi\u00f3n trabajamos las habilidades profesionales<br \/>y sociales para ayudarte a tener seguridad y autonom\u00eda.<\/p>\n<p>Buscamos un puesto de trabajo adecuado<br \/>a tus conocimientos y habilidades.<\/p>\n<\/p>\n<p><strong>ITINERARIO DE APRENDIZAJE E INSERCI\u00d3N<\/strong><\/p>\n<p>Cuando has encontrado trabajo<br \/>y comienzas a trabajar en una empresa,<br \/>el preparador o preparadora a laboral<br \/>te ayuda durante todo el proceso de inclusi\u00f3n.<\/p>\n<p>Cada semana se hace una reuni\u00f3n de seguimiento<br \/>en la empresa y en Aura Fundaci\u00f3n, individual o en grupo.<\/p>\n<p><strong> <\/strong><\/p>\n<p><strong>ITINERARIO DE CONSOLIDACI\u00d3N<\/strong><\/p>\n<p>Cuando tienes m\u00e1s experiencia en la empresa,<br \/>el preparador o preparadora laboral reduce el seguimiento, salvo si tienes alguna necesidad.<\/p>\n<p>La reuni\u00f3n en Aura Fundaci\u00f3n pasa a ser mensual<br \/>e individual.<\/p>\n<p><strong> <\/strong><\/p>\n<p><strong>ITINERARIO DE DESARROLLO<\/strong><\/p>\n<p>Cuando hace tiempo que trabajas y haces bien el trabajo,<br \/>el preparador o preparadora laboral puede ayudarte<br \/>a ampliar tus conocimientos.<\/p>\n<p>Tambi\u00e9n tiene en cuenta c\u00f3mo mejorar tu puesto de trabajo<br \/>o tener m\u00e1s responsabilidades dentro de la empresa.<\/p>\n<\/p>\n<p><span data-teams=\"true\">(Con el apoyo del Departamento de Derechos Sociales e Inclusi\u00f3n de la Generalidad de Catalu\u00f1a)<\/span><\/p>\n<\/div>\n\t\t\t\t<\/div>\n\t\t\t\t\t\t\t\t<\/div>\n\t\t\t\t\t\t<\/div>\n\t\t\t\t<\/div>\n\t\t\t\t\t<\/div>\n\t\t<\/div>\n\t\t\t\t\t<\/div>\n\t\t<\/section>\n\t\t\t\t<section class=\"elementor-section elementor-top-section elementor-element elementor-element-db9954c elementor-section-boxed elementor-section-height-default elementor-section-height-default\" data-id=\"db9954c\" data-element_type=\"section\" data-e-type=\"section\">\n\t\t\t\t\t\t<div class=\"elementor-container elementor-column-gap-default\">\n\t\t\t\t\t<div class=\"elementor-column elementor-col-50 elementor-top-column elementor-element elementor-element-a7f1576\" data-id=\"a7f1576\" data-element_type=\"column\" data-e-type=\"column\">\n\t\t\t<div class=\"elementor-widget-wrap elementor-element-populated\">\n\t\t\t\t\t\t<div class=\"elementor-element elementor-element-643fc6f elementor-widget elementor-widget-menu-anchor\" data-id=\"643fc6f\" data-element_type=\"widget\" data-e-type=\"widget\" data-widget_type=\"menu-anchor.default\">\n\t\t\t\t<div class=\"elementor-widget-container\">\n\t\t\t\t\t\t\t<div class=\"elementor-menu-anchor\" id=\"vital\"><\/div>\n\t\t\t\t\t\t<\/div>\n\t\t\t\t<\/div>\n\t\t\t\t<div class=\"elementor-element elementor-element-799ac40 elementor-widget elementor-widget-image\" data-id=\"799ac40\" data-element_type=\"widget\" data-e-type=\"widget\" data-widget_type=\"image.default\">\n\t\t\t\t<div class=\"elementor-widget-container\">\n\t\t\t\t\t\t\t\t\t\t\t\t\t\t\t<img loading=\"lazy\" decoding=\"async\" width=\"800\" height=\"600\" src=\"https:\/\/aurafundacio.org\/wp-content\/uploads\/2024\/11\/20240619_140157000_iOS-1024x768.jpg\" class=\"attachment-large size-large wp-image-2737\" alt=\"\" srcset=\"https:\/\/aurafundacio.org\/wp-content\/uploads\/2024\/11\/20240619_140157000_iOS-1024x768.jpg 1024w, https:\/\/aurafundacio.org\/wp-content\/uploads\/2024\/11\/20240619_140157000_iOS-300x225.jpg 300w, https:\/\/aurafundacio.org\/wp-content\/uploads\/2024\/11\/20240619_140157000_iOS-768x576.jpg 768w, https:\/\/aurafundacio.org\/wp-content\/uploads\/2024\/11\/20240619_140157000_iOS-1536x1152.jpg 1536w, https:\/\/aurafundacio.org\/wp-content\/uploads\/2024\/11\/20240619_140157000_iOS-600x450.jpg 600w, https:\/\/aurafundacio.org\/wp-content\/uploads\/2024\/11\/20240619_140157000_iOS.jpg 1600w\" sizes=\"(max-width: 800px) 100vw, 800px\" \/>\t\t\t\t\t\t\t\t\t\t\t\t\t\t\t<\/div>\n\t\t\t\t<\/div>\n\t\t\t\t\t<\/div>\n\t\t<\/div>\n\t\t\t\t<div class=\"elementor-column elementor-col-50 elementor-top-column elementor-element elementor-element-0bffe5a\" data-id=\"0bffe5a\" data-element_type=\"column\" data-e-type=\"column\">\n\t\t\t<div class=\"elementor-widget-wrap elementor-element-populated\">\n\t\t\t\t\t\t<div class=\"elementor-element elementor-element-5905605 elementor-widget elementor-widget-heading\" data-id=\"5905605\" data-element_type=\"widget\" data-e-type=\"widget\" data-widget_type=\"heading.default\">\n\t\t\t\t<div class=\"elementor-widget-container\">\n\t\t\t\t\t<h2 class=\"elementor-heading-title elementor-size-default\">PROGRAMA <b>VITAL<\/b><\/h2>\t\t\t\t<\/div>\n\t\t\t\t<\/div>\n\t\t\t\t<div class=\"elementor-element elementor-element-57dec40 elementor-widget elementor-widget-text-editor\" data-id=\"57dec40\" data-element_type=\"widget\" data-e-type=\"widget\" data-widget_type=\"text-editor.default\">\n\t\t\t\t<div class=\"elementor-widget-container\">\n\t\t\t\t\t\t\t\t\t<p><strong>\u00bfA qui\u00e9n se dirige?<\/strong><\/p><p>A personas de Aura Fundaci\u00f3n que han dejado el trabajo,<br>sea por un tiempo o para siempre.<\/p><p><strong> <\/strong><\/p><p><strong>\u00bfQu\u00e9 ofrecemos?<\/strong><\/p><p>Actividades para mejorar el bienestar f\u00edsico, emocional,<br>social y mental.<\/p><p>Promovemos un envejecimiento activo y saludable<br>y una mejor calidad de vida.<\/p><p> <\/p><p><span data-teams=\"true\">(Con el apoyo del Departamento de Derechos Sociales e Inclusi\u00f3n de la Generalidad de Catalu\u00f1a)<\/span><\/p>\t\t\t\t\t\t\t\t<\/div>\n\t\t\t\t<\/div>\n\t\t\t\t\t<\/div>\n\t\t<\/div>\n\t\t\t\t\t<\/div>\n\t\t<\/section>\n\t\t\t\t<section class=\"elementor-section elementor-top-section elementor-element elementor-element-e8da643 elementor-section-boxed elementor-section-height-default elementor-section-height-default\" data-id=\"e8da643\" data-element_type=\"section\" data-e-type=\"section\">\n\t\t\t\t\t\t<div class=\"elementor-container elementor-column-gap-default\">\n\t\t\t\t\t<div class=\"elementor-column elementor-col-50 elementor-top-column elementor-element elementor-element-557c4d9\" data-id=\"557c4d9\" data-element_type=\"column\" data-e-type=\"column\">\n\t\t\t<div class=\"elementor-widget-wrap elementor-element-populated\">\n\t\t\t\t\t\t<div class=\"elementor-element elementor-element-f89cfd5 elementor-widget elementor-widget-menu-anchor\" data-id=\"f89cfd5\" data-element_type=\"widget\" data-e-type=\"widget\" data-widget_type=\"menu-anchor.default\">\n\t\t\t\t<div class=\"elementor-widget-container\">\n\t\t\t\t\t\t\t<div class=\"elementor-menu-anchor\" id=\"formacin\"><\/div>\n\t\t\t\t\t\t<\/div>\n\t\t\t\t<\/div>\n\t\t\t\t<div class=\"elementor-element elementor-element-fbbc6f6 elementor-widget elementor-widget-image\" data-id=\"fbbc6f6\" data-element_type=\"widget\" data-e-type=\"widget\" data-widget_type=\"image.default\">\n\t\t\t\t<div class=\"elementor-widget-container\">\n\t\t\t\t\t\t\t\t\t\t\t\t\t\t\t<img loading=\"lazy\" decoding=\"async\" width=\"800\" height=\"600\" src=\"https:\/\/aurafundacio.org\/wp-content\/uploads\/2024\/11\/MicrosoftTeams-image-55.png\" class=\"attachment-large size-large wp-image-2740\" alt=\"\" srcset=\"https:\/\/aurafundacio.org\/wp-content\/uploads\/2024\/11\/MicrosoftTeams-image-55.png 1024w, https:\/\/aurafundacio.org\/wp-content\/uploads\/2024\/11\/MicrosoftTeams-image-55-300x225.png 300w, https:\/\/aurafundacio.org\/wp-content\/uploads\/2024\/11\/MicrosoftTeams-image-55-768x576.png 768w, https:\/\/aurafundacio.org\/wp-content\/uploads\/2024\/11\/MicrosoftTeams-image-55-600x450.png 600w\" sizes=\"(max-width: 800px) 100vw, 800px\" \/>\t\t\t\t\t\t\t\t\t\t\t\t\t\t\t<\/div>\n\t\t\t\t<\/div>\n\t\t\t\t\t<\/div>\n\t\t<\/div>\n\t\t\t\t<div class=\"elementor-column elementor-col-50 elementor-top-column elementor-element elementor-element-e5139c0\" data-id=\"e5139c0\" data-element_type=\"column\" data-e-type=\"column\">\n\t\t\t<div class=\"elementor-widget-wrap elementor-element-populated\">\n\t\t\t\t\t\t<div class=\"elementor-element elementor-element-72900ad elementor-widget elementor-widget-heading\" data-id=\"72900ad\" data-element_type=\"widget\" data-e-type=\"widget\" data-widget_type=\"heading.default\">\n\t\t\t\t<div class=\"elementor-widget-container\">\n\t\t\t\t\t<h2 class=\"elementor-heading-title elementor-size-default\"><span style=\"font-size: 2rem;background-color: var( --e-global-color-3d761f9 )\">PROGRAMAS <b>FORMATIVOS<\/b> <\/span><\/h2>\t\t\t\t<\/div>\n\t\t\t\t<\/div>\n\t\t\t\t<div class=\"elementor-element elementor-element-3dc8eb5 elementor-widget elementor-widget-text-editor\" data-id=\"3dc8eb5\" data-element_type=\"widget\" data-e-type=\"widget\" data-widget_type=\"text-editor.default\">\n\t\t\t\t<div class=\"elementor-widget-container\">\n\t\t\t\t\t\t\t\t\t<p><strong>\u00bfA qui\u00e9n se dirige?<\/strong><\/p><p>A personas mayores de 18 a\u00f1os<br>que quieren seguir form\u00e1ndose en herramientas digitales,<br>autonom\u00eda, idiomas, comunicaci\u00f3n eficaz, etc.<\/p><p><strong> <\/strong><\/p><p><strong>\u00bfQu\u00e9 ofrecemos?<\/strong><\/p><p>Cada 3 meses, ofrecemos cursos sobre:<\/p><ul><li>Competencias Laborales<\/li><li>Competencias Formativas<\/li><li>Competencias Digitales<\/li><li>Competencias de Autonom\u00eda<\/li><li>Competencias de Bienestar<\/li><li>Competencias Creativas<\/li><\/ul>\t\t\t\t\t\t\t\t<\/div>\n\t\t\t\t<\/div>\n\t\t\t\t\t<\/div>\n\t\t<\/div>\n\t\t\t\t\t<\/div>\n\t\t<\/section>\n\t\t\t\t<section class=\"elementor-section elementor-top-section elementor-element elementor-element-dddf014 elementor-section-boxed elementor-section-height-default elementor-section-height-default\" data-id=\"dddf014\" data-element_type=\"section\" data-e-type=\"section\">\n\t\t\t\t\t\t<div class=\"elementor-container elementor-column-gap-default\">\n\t\t\t\t\t<div class=\"elementor-column elementor-col-50 elementor-top-column elementor-element elementor-element-f02dce3\" data-id=\"f02dce3\" data-element_type=\"column\" data-e-type=\"column\">\n\t\t\t<div class=\"elementor-widget-wrap elementor-element-populated\">\n\t\t\t\t\t\t<div class=\"elementor-element elementor-element-c51d81d elementor-widget elementor-widget-menu-anchor\" data-id=\"c51d81d\" data-element_type=\"widget\" data-e-type=\"widget\" data-widget_type=\"menu-anchor.default\">\n\t\t\t\t<div class=\"elementor-widget-container\">\n\t\t\t\t\t\t\t<div class=\"elementor-menu-anchor\" id=\"vida\"><\/div>\n\t\t\t\t\t\t<\/div>\n\t\t\t\t<\/div>\n\t\t\t\t<div class=\"elementor-element elementor-element-a8f85f3 elementor-widget elementor-widget-image\" data-id=\"a8f85f3\" data-element_type=\"widget\" data-e-type=\"widget\" data-widget_type=\"image.default\">\n\t\t\t\t<div class=\"elementor-widget-container\">\n\t\t\t\t\t\t\t\t\t\t\t\t\t\t\t<img loading=\"lazy\" decoding=\"async\" width=\"800\" height=\"534\" src=\"https:\/\/aurafundacio.org\/wp-content\/uploads\/2024\/11\/CampanyaAuraSD-JBR-3482-1024x683.jpg\" class=\"attachment-large size-large wp-image-2743\" alt=\"\" srcset=\"https:\/\/aurafundacio.org\/wp-content\/uploads\/2024\/11\/CampanyaAuraSD-JBR-3482-1024x683.jpg 1024w, https:\/\/aurafundacio.org\/wp-content\/uploads\/2024\/11\/CampanyaAuraSD-JBR-3482-300x200.jpg 300w, https:\/\/aurafundacio.org\/wp-content\/uploads\/2024\/11\/CampanyaAuraSD-JBR-3482-768x512.jpg 768w, https:\/\/aurafundacio.org\/wp-content\/uploads\/2024\/11\/CampanyaAuraSD-JBR-3482-1536x1025.jpg 1536w, https:\/\/aurafundacio.org\/wp-content\/uploads\/2024\/11\/CampanyaAuraSD-JBR-3482-600x400.jpg 600w, https:\/\/aurafundacio.org\/wp-content\/uploads\/2024\/11\/CampanyaAuraSD-JBR-3482.jpg 2000w\" sizes=\"(max-width: 800px) 100vw, 800px\" \/>\t\t\t\t\t\t\t\t\t\t\t\t\t\t\t<\/div>\n\t\t\t\t<\/div>\n\t\t\t\t\t<\/div>\n\t\t<\/div>\n\t\t\t\t<div class=\"elementor-column elementor-col-50 elementor-top-column elementor-element elementor-element-d8afbd6\" data-id=\"d8afbd6\" data-element_type=\"column\" data-e-type=\"column\">\n\t\t\t<div class=\"elementor-widget-wrap elementor-element-populated\">\n\t\t\t\t\t\t<div class=\"elementor-element elementor-element-8ef3e1f elementor-widget elementor-widget-heading\" data-id=\"8ef3e1f\" data-element_type=\"widget\" data-e-type=\"widget\" data-widget_type=\"heading.default\">\n\t\t\t\t<div class=\"elementor-widget-container\">\n\t\t\t\t\t<h2 class=\"elementor-heading-title elementor-size-default\"><span style=\"font-size: 2rem;background-color: var( --e-global-color-3d761f9 )\">VIDA <b>INDEPENDIENTE<\/b> <\/span><\/h2>\t\t\t\t<\/div>\n\t\t\t\t<\/div>\n\t\t\t\t<div class=\"elementor-element elementor-element-bb1503d elementor-widget elementor-widget-text-editor\" data-id=\"bb1503d\" data-element_type=\"widget\" data-e-type=\"widget\" data-widget_type=\"text-editor.default\">\n\t\t\t\t<div class=\"elementor-widget-container\">\n\t\t\t\t\t\t\t\t\t<p><strong>\u00bfA qui\u00e9n se dirige?<\/strong><\/p><p>A personas mayores de 18 a\u00f1os que desean vivir solas, con amigos o amigas o con pareja. <br><br><\/p><p><strong>\u00bfQu\u00e9 ofrecemos?<\/strong><\/p><p>Apoyo personalizado para que cada persona<br>pueda independizarse y decidir c\u00f3mo, d\u00f3nde y con qui\u00e9n vivir.<\/p><p>Trabajamos con las personas participantes<br>y sus familias para ofrecer el mejor plan de soporte.<\/p>\t\t\t\t\t\t\t\t<\/div>\n\t\t\t\t<\/div>\n\t\t\t\t<div class=\"elementor-element elementor-element-bed6be1 elementor-widget elementor-widget-accordion\" data-id=\"bed6be1\" data-element_type=\"widget\" data-e-type=\"widget\" data-widget_type=\"accordion.default\">\n\t\t\t\t<div class=\"elementor-widget-container\">\n\t\t\t\t\t\t\t<div class=\"elementor-accordion\">\n\t\t\t\t\t\t\t<div class=\"elementor-accordion-item\">\n\t\t\t\t\t<div id=\"elementor-tab-title-2001\" class=\"elementor-tab-title\" data-tab=\"1\" role=\"button\" aria-controls=\"elementor-tab-content-2001\" aria-expanded=\"false\">\n\t\t\t\t\t\t\t\t\t\t\t\t\t<span class=\"elementor-accordion-icon elementor-accordion-icon-left\" aria-hidden=\"true\">\n\t\t\t\t\t\t\t\t\t\t\t\t\t\t\t<span class=\"elementor-accordion-icon-closed\"><i class=\"fas fa-plus\"><\/i><\/span>\n\t\t\t\t\t\t\t\t<span class=\"elementor-accordion-icon-opened\"><i class=\"fas fa-minus\"><\/i><\/span>\n\t\t\t\t\t\t\t\t\t\t\t\t\t\t<\/span>\n\t\t\t\t\t\t\t\t\t\t\t\t<a class=\"elementor-accordion-title\" tabindex=\"0\">El programa ofrece dos opciones<\/a>\n\t\t\t\t\t<\/div>\n\t\t\t\t\t<div id=\"elementor-tab-content-2001\" class=\"elementor-tab-content elementor-clearfix\" data-tab=\"1\" role=\"region\" aria-labelledby=\"elementor-tab-title-2001\"><p>Aura Habitat<\/p>\n<p>Son pisos de aprendizaje<br \/>donde la persona se est\u00e1 un tiempo<br \/>para aprender a vivir de forma aut\u00f3noma.<\/p>\n<p>Comparte piso con personas estudiantes voluntarias.<\/p>\n<p>Apoyo en el propio hogar<\/p>\n<p>Un profesional de Aura Fundaci\u00f3n ofrece apoyo<br \/>a las personas que viven de forma aut\u00f3noma<br \/>y necesitan ayuda en algunos aspectos de su vida.<\/p>\n<\/p>\n<p><span data-teams=\"true\">(Con el apoyo del Departamento de Derechos Sociales e Inclusi\u00f3n de la Generalidad de Catalu\u00f1a)<\/span><\/p><\/p>\n<\/div>\n\t\t\t\t<\/div>\n\t\t\t\t\t\t\t\t<\/div>\n\t\t\t\t\t\t<\/div>\n\t\t\t\t<\/div>\n\t\t\t\t\t<\/div>\n\t\t<\/div>\n\t\t\t\t\t<\/div>\n\t\t<\/section>\n\t\t\t\t<section class=\"elementor-section elementor-top-section elementor-element elementor-element-74dbfe7 elementor-section-boxed elementor-section-height-default elementor-section-height-default\" data-id=\"74dbfe7\" data-element_type=\"section\" data-e-type=\"section\">\n\t\t\t\t\t\t<div class=\"elementor-container elementor-column-gap-default\">\n\t\t\t\t\t<div class=\"elementor-column elementor-col-100 elementor-top-column elementor-element elementor-element-74fb518\" data-id=\"74fb518\" data-element_type=\"column\" data-e-type=\"column\">\n\t\t\t<div class=\"elementor-widget-wrap elementor-element-populated\">\n\t\t\t\t\t\t<section class=\"elementor-section elementor-inner-section elementor-element elementor-element-fb8d25f elementor-section-boxed elementor-section-height-default elementor-section-height-default\" data-id=\"fb8d25f\" data-element_type=\"section\" data-e-type=\"section\">\n\t\t\t\t\t\t<div class=\"elementor-container elementor-column-gap-default\">\n\t\t\t\t\t<div class=\"elementor-column elementor-col-100 elementor-inner-column elementor-element elementor-element-9074663\" data-id=\"9074663\" data-element_type=\"column\" data-e-type=\"column\">\n\t\t\t<div class=\"elementor-widget-wrap elementor-element-populated\">\n\t\t\t\t\t\t<div class=\"elementor-element elementor-element-debd216 elementor-widget elementor-widget-heading\" data-id=\"debd216\" data-element_type=\"widget\" data-e-type=\"widget\" data-widget_type=\"heading.default\">\n\t\t\t\t<div class=\"elementor-widget-container\">\n\t\t\t\t\t<h2 class=\"elementor-heading-title elementor-size-default\">Servicios <b>transversales<\/b> <\/h2>\t\t\t\t<\/div>\n\t\t\t\t<\/div>\n\t\t\t\t<div class=\"elementor-element elementor-element-76d7acc elementor-widget elementor-widget-text-editor\" data-id=\"76d7acc\" data-element_type=\"widget\" data-e-type=\"widget\" data-widget_type=\"text-editor.default\">\n\t\t\t\t<div class=\"elementor-widget-container\">\n\t\t\t\t\t\t\t\t\t<p>En Aura Fundaci\u00f3n ofrecemos otros servicios adaptados a las necesidades de cada persona y sus familias.<\/p>\t\t\t\t\t\t\t\t<\/div>\n\t\t\t\t<\/div>\n\t\t\t\t\t<\/div>\n\t\t<\/div>\n\t\t\t\t\t<\/div>\n\t\t<\/section>\n\t\t\t\t\t<\/div>\n\t\t<\/div>\n\t\t\t\t\t<\/div>\n\t\t<\/section>\n\t\t\t\t<section class=\"elementor-section elementor-top-section elementor-element elementor-element-4d93805 elementor-section-boxed elementor-section-height-default elementor-section-height-default\" data-id=\"4d93805\" data-element_type=\"section\" data-e-type=\"section\">\n\t\t\t\t\t\t<div class=\"elementor-container elementor-column-gap-default\">\n\t\t\t\t\t<div class=\"elementor-column elementor-col-33 elementor-top-column elementor-element elementor-element-2129800\" data-id=\"2129800\" data-element_type=\"column\" data-e-type=\"column\">\n\t\t\t<div class=\"elementor-widget-wrap elementor-element-populated\">\n\t\t\t\t\t\t<div class=\"elementor-element elementor-element-8db52c0 elementor-widget elementor-widget-image\" data-id=\"8db52c0\" data-element_type=\"widget\" data-e-type=\"widget\" data-widget_type=\"image.default\">\n\t\t\t\t<div class=\"elementor-widget-container\">\n\t\t\t\t\t\t\t\t\t\t\t\t\t\t\t<img loading=\"lazy\" decoding=\"async\" width=\"200\" height=\"200\" src=\"https:\/\/aurafundacio.org\/wp-content\/uploads\/2026\/01\/neuro.png\" class=\"attachment-medium size-medium wp-image-5360\" alt=\"\" srcset=\"https:\/\/aurafundacio.org\/wp-content\/uploads\/2026\/01\/neuro.png 200w, https:\/\/aurafundacio.org\/wp-content\/uploads\/2026\/01\/neuro-150x150.png 150w\" sizes=\"(max-width: 200px) 100vw, 200px\" \/>\t\t\t\t\t\t\t\t\t\t\t\t\t\t\t<\/div>\n\t\t\t\t<\/div>\n\t\t\t\t<div class=\"elementor-element elementor-element-b1c6d76 elementor-widget elementor-widget-accordion\" data-id=\"b1c6d76\" data-element_type=\"widget\" data-e-type=\"widget\" data-widget_type=\"accordion.default\">\n\t\t\t\t<div class=\"elementor-widget-container\">\n\t\t\t\t\t\t\t<div class=\"elementor-accordion\">\n\t\t\t\t\t\t\t<div class=\"elementor-accordion-item\">\n\t\t\t\t\t<div id=\"elementor-tab-title-1861\" class=\"elementor-tab-title\" data-tab=\"1\" role=\"button\" aria-controls=\"elementor-tab-content-1861\" aria-expanded=\"false\">\n\t\t\t\t\t\t\t\t\t\t\t\t\t<span class=\"elementor-accordion-icon elementor-accordion-icon-left\" aria-hidden=\"true\">\n\t\t\t\t\t\t\t\t\t\t\t\t\t\t\t<span class=\"elementor-accordion-icon-closed\"><i class=\"fas fa-plus\"><\/i><\/span>\n\t\t\t\t\t\t\t\t<span class=\"elementor-accordion-icon-opened\"><i class=\"fas fa-minus\"><\/i><\/span>\n\t\t\t\t\t\t\t\t\t\t\t\t\t\t<\/span>\n\t\t\t\t\t\t\t\t\t\t\t\t<a class=\"elementor-accordion-title\" tabindex=\"0\">SERVICIO DE PSICOLOG\u00cdA<\/a>\n\t\t\t\t\t<\/div>\n\t\t\t\t\t<div id=\"elementor-tab-content-1861\" class=\"elementor-tab-content elementor-clearfix\" data-tab=\"1\" role=\"region\" aria-labelledby=\"elementor-tab-title-1861\"><p>Estudiamos y realizamos un seguimiento de las caracter\u00edsticas cognitivas y psicol\u00f3gicas de las personas participantes.<\/p>\n<p>Utilizamos una herramienta para conocer el estado mental,<br \/>emocional y de comportamiento de la persona<br \/>y poder detectar y prevenir posibles cambios.<\/p>\n<p>Tambi\u00e9n utilizamos programas de estimulaci\u00f3n cognitiva<br \/>para mantener o mejorar sus capacidades.<\/p>\n<\/div>\n\t\t\t\t<\/div>\n\t\t\t\t\t\t\t\t<\/div>\n\t\t\t\t\t\t<\/div>\n\t\t\t\t<\/div>\n\t\t\t\t\t<\/div>\n\t\t<\/div>\n\t\t\t\t<div class=\"elementor-column elementor-col-33 elementor-top-column elementor-element elementor-element-44e61ef\" data-id=\"44e61ef\" data-element_type=\"column\" data-e-type=\"column\">\n\t\t\t<div class=\"elementor-widget-wrap elementor-element-populated\">\n\t\t\t\t\t\t<div class=\"elementor-element elementor-element-8efed8f elementor-widget elementor-widget-image\" data-id=\"8efed8f\" data-element_type=\"widget\" data-e-type=\"widget\" data-widget_type=\"image.default\">\n\t\t\t\t<div class=\"elementor-widget-container\">\n\t\t\t\t\t\t\t\t\t\t\t\t\t\t\t<img loading=\"lazy\" decoding=\"async\" width=\"200\" height=\"200\" src=\"https:\/\/aurafundacio.org\/wp-content\/uploads\/2026\/01\/autogestors.png\" class=\"attachment-medium size-medium wp-image-5357\" alt=\"\" srcset=\"https:\/\/aurafundacio.org\/wp-content\/uploads\/2026\/01\/autogestors.png 200w, https:\/\/aurafundacio.org\/wp-content\/uploads\/2026\/01\/autogestors-150x150.png 150w\" sizes=\"(max-width: 200px) 100vw, 200px\" \/>\t\t\t\t\t\t\t\t\t\t\t\t\t\t\t<\/div>\n\t\t\t\t<\/div>\n\t\t\t\t<div class=\"elementor-element elementor-element-c694015 elementor-widget elementor-widget-accordion\" data-id=\"c694015\" data-element_type=\"widget\" data-e-type=\"widget\" data-widget_type=\"accordion.default\">\n\t\t\t\t<div class=\"elementor-widget-container\">\n\t\t\t\t\t\t\t<div class=\"elementor-accordion\">\n\t\t\t\t\t\t\t<div class=\"elementor-accordion-item\">\n\t\t\t\t\t<div id=\"elementor-tab-title-2081\" class=\"elementor-tab-title\" data-tab=\"1\" role=\"button\" aria-controls=\"elementor-tab-content-2081\" aria-expanded=\"false\">\n\t\t\t\t\t\t\t\t\t\t\t\t\t<span class=\"elementor-accordion-icon elementor-accordion-icon-left\" aria-hidden=\"true\">\n\t\t\t\t\t\t\t\t\t\t\t\t\t\t\t<span class=\"elementor-accordion-icon-closed\"><i class=\"fas fa-plus\"><\/i><\/span>\n\t\t\t\t\t\t\t\t<span class=\"elementor-accordion-icon-opened\"><i class=\"fas fa-minus\"><\/i><\/span>\n\t\t\t\t\t\t\t\t\t\t\t\t\t\t<\/span>\n\t\t\t\t\t\t\t\t\t\t\t\t<a class=\"elementor-accordion-title\" tabindex=\"0\">ATENCI\u00d3N A LAS FAMILIAS<\/a>\n\t\t\t\t\t<\/div>\n\t\t\t\t\t<div id=\"elementor-tab-content-2081\" class=\"elementor-tab-content elementor-clearfix\" data-tab=\"1\" role=\"region\" aria-labelledby=\"elementor-tab-title-2081\"><p>Ofrecemos diferentes apoyos adaptados a las familias<br \/>de personas con discapacidad intelectual,<br \/>como acompa\u00f1amiento, orientaci\u00f3n,<br \/>asistencia y asesoramiento.<\/p>\n<\/div>\n\t\t\t\t<\/div>\n\t\t\t\t\t\t\t\t<\/div>\n\t\t\t\t\t\t<\/div>\n\t\t\t\t<\/div>\n\t\t\t\t\t<\/div>\n\t\t<\/div>\n\t\t\t\t<div class=\"elementor-column elementor-col-33 elementor-top-column elementor-element elementor-element-d3c914b\" data-id=\"d3c914b\" data-element_type=\"column\" data-e-type=\"column\">\n\t\t\t<div class=\"elementor-widget-wrap elementor-element-populated\">\n\t\t\t\t\t\t<div class=\"elementor-element elementor-element-ef144a7 elementor-widget elementor-widget-image\" data-id=\"ef144a7\" data-element_type=\"widget\" data-e-type=\"widget\" data-widget_type=\"image.default\">\n\t\t\t\t<div class=\"elementor-widget-container\">\n\t\t\t\t\t\t\t\t\t\t\t\t\t\t\t<img loading=\"lazy\" decoding=\"async\" width=\"200\" height=\"200\" src=\"https:\/\/aurafundacio.org\/wp-content\/uploads\/2023\/10\/autogestors.png\" class=\"attachment-medium size-medium wp-image-1481\" alt=\"\" srcset=\"https:\/\/aurafundacio.org\/wp-content\/uploads\/2023\/10\/autogestors.png 200w, https:\/\/aurafundacio.org\/wp-content\/uploads\/2023\/10\/autogestors-150x150.png 150w, https:\/\/aurafundacio.org\/wp-content\/uploads\/2023\/10\/autogestors-100x100.png 100w\" sizes=\"(max-width: 200px) 100vw, 200px\" \/>\t\t\t\t\t\t\t\t\t\t\t\t\t\t\t<\/div>\n\t\t\t\t<\/div>\n\t\t\t\t<div class=\"elementor-element elementor-element-296a1b6 elementor-widget elementor-widget-accordion\" data-id=\"296a1b6\" data-element_type=\"widget\" data-e-type=\"widget\" data-widget_type=\"accordion.default\">\n\t\t\t\t<div class=\"elementor-widget-container\">\n\t\t\t\t\t\t\t<div class=\"elementor-accordion\">\n\t\t\t\t\t\t\t<div class=\"elementor-accordion-item\">\n\t\t\t\t\t<div id=\"elementor-tab-title-4341\" class=\"elementor-tab-title\" data-tab=\"1\" role=\"button\" aria-controls=\"elementor-tab-content-4341\" aria-expanded=\"false\">\n\t\t\t\t\t\t\t\t\t\t\t\t\t<span class=\"elementor-accordion-icon elementor-accordion-icon-left\" aria-hidden=\"true\">\n\t\t\t\t\t\t\t\t\t\t\t\t\t\t\t<span class=\"elementor-accordion-icon-closed\"><i class=\"fas fa-plus\"><\/i><\/span>\n\t\t\t\t\t\t\t\t<span class=\"elementor-accordion-icon-opened\"><i class=\"fas fa-minus\"><\/i><\/span>\n\t\t\t\t\t\t\t\t\t\t\t\t\t\t<\/span>\n\t\t\t\t\t\t\t\t\t\t\t\t<a class=\"elementor-accordion-title\" tabindex=\"0\">CLUB DE PERSONAS AUTOGESTORAS<\/a>\n\t\t\t\t\t<\/div>\n\t\t\t\t\t<div id=\"elementor-tab-content-4341\" class=\"elementor-tab-content elementor-clearfix\" data-tab=\"1\" role=\"region\" aria-labelledby=\"elementor-tab-title-4341\"><p>Es un espacio donde las personas con discapacidad intelectual se re\u00fanen, debaten sobre sus derechos<br \/>y organizan actividades sociales y salidas culturales.<\/p>\n<p>Es un espacio para participar, aprender<br \/>y relacionarse con otras personas,<br \/>con el apoyo de profesionales y personas voluntarias.<\/p>\n<\/div>\n\t\t\t\t<\/div>\n\t\t\t\t\t\t\t\t<\/div>\n\t\t\t\t\t\t<\/div>\n\t\t\t\t<\/div>\n\t\t\t\t\t<\/div>\n\t\t<\/div>\n\t\t\t\t\t<\/div>\n\t\t<\/section>\n\t\t\t\t<section class=\"elementor-section elementor-top-section elementor-element elementor-element-0427cef elementor-section-boxed elementor-section-height-default elementor-section-height-default\" data-id=\"0427cef\" data-element_type=\"section\" data-e-type=\"section\">\n\t\t\t\t\t\t<div class=\"elementor-container elementor-column-gap-default\">\n\t\t\t\t\t<div class=\"elementor-column elementor-col-100 elementor-top-column elementor-element elementor-element-43cf1b7\" data-id=\"43cf1b7\" data-element_type=\"column\" data-e-type=\"column\">\n\t\t\t<div class=\"elementor-widget-wrap elementor-element-populated\">\n\t\t\t\t\t\t<div class=\"elementor-element elementor-element-49afbb6 elementor-widget elementor-widget-image\" data-id=\"49afbb6\" data-element_type=\"widget\" data-e-type=\"widget\" data-widget_type=\"image.default\">\n\t\t\t\t<div class=\"elementor-widget-container\">\n\t\t\t\t\t\t\t\t\t\t\t\t\t\t\t\t<a href=\"https:\/\/aurafundacio.org\/es\/sioas25-catala\/\" target=\"_blank\">\n\t\t\t\t\t\t\t<img loading=\"lazy\" decoding=\"async\" width=\"250\" height=\"80\" src=\"https:\/\/aurafundacio.org\/wp-content\/uploads\/2025\/05\/Boton-SIOAS-web-250-x-80-px-Cast.png\" class=\"attachment-large size-large wp-image-4182\" alt=\"\" \/>\t\t\t\t\t\t\t\t<\/a>\n\t\t\t\t\t\t\t\t\t\t\t\t\t\t\t<\/div>\n\t\t\t\t<\/div>\n\t\t\t\t<div class=\"elementor-element elementor-element-ff43f8d elementor-widget elementor-widget-heading\" data-id=\"ff43f8d\" data-element_type=\"widget\" data-e-type=\"widget\" data-widget_type=\"heading.default\">\n\t\t\t\t<div class=\"elementor-widget-container\">\n\t\t\t\t\t<h5 class=\"elementor-heading-title elementor-size-default\">El programa laboral se cofinancia con el Apoyo del Programa SIOAS 2025 - Servicios integrales de orientaci\u00f3n, acompa\u00f1amiento y soporte a la inserci\u00f3n de las personas con discapacidad o trastornos de la salud mental. N\u00ba. exp.: STC079\/25\/000019.  \n\nCon el apoyo de la Generalidad de Catalu\u00f1a.<\/h5>\t\t\t\t<\/div>\n\t\t\t\t<\/div>\n\t\t\t\t\t<\/div>\n\t\t<\/div>\n\t\t\t\t\t<\/div>\n\t\t<\/section>\n\t\t\t\t<section class=\"elementor-section elementor-top-section elementor-element elementor-element-50577e9 elementor-section-boxed elementor-section-height-default elementor-section-height-default\" data-id=\"50577e9\" data-element_type=\"section\" data-e-type=\"section\">\n\t\t\t\t\t\t<div class=\"elementor-container elementor-column-gap-default\">\n\t\t\t\t\t<div class=\"elementor-column elementor-col-50 elementor-top-column elementor-element elementor-element-d71b571\" data-id=\"d71b571\" data-element_type=\"column\" data-e-type=\"column\">\n\t\t\t<div class=\"elementor-widget-wrap elementor-element-populated\">\n\t\t\t\t\t\t<div class=\"elementor-element elementor-element-0a3a0a9 elementor-widget elementor-widget-image\" data-id=\"0a3a0a9\" data-element_type=\"widget\" data-e-type=\"widget\" data-widget_type=\"image.default\">\n\t\t\t\t<div class=\"elementor-widget-container\">\n\t\t\t\t\t\t\t\t\t\t\t\t\t\t\t<img loading=\"lazy\" decoding=\"async\" width=\"300\" height=\"200\" src=\"https:\/\/aurafundacio.org\/wp-content\/uploads\/2025\/12\/generalitat-de-catalunya.png\" class=\"attachment-medium size-medium wp-image-5102\" alt=\"\" \/>\t\t\t\t\t\t\t\t\t\t\t\t\t\t\t<\/div>\n\t\t\t\t<\/div>\n\t\t\t\t\t<\/div>\n\t\t<\/div>\n\t\t\t\t<div class=\"elementor-column elementor-col-50 elementor-top-column elementor-element elementor-element-31ea995\" data-id=\"31ea995\" data-element_type=\"column\" data-e-type=\"column\">\n\t\t\t<div class=\"elementor-widget-wrap elementor-element-populated\">\n\t\t\t\t\t\t<div class=\"elementor-element elementor-element-3ea63b8 elementor-widget elementor-widget-image\" data-id=\"3ea63b8\" data-element_type=\"widget\" data-e-type=\"widget\" data-widget_type=\"image.default\">\n\t\t\t\t<div class=\"elementor-widget-container\">\n\t\t\t\t\t\t\t\t\t\t\t\t\t\t\t<img loading=\"lazy\" decoding=\"async\" width=\"300\" height=\"200\" src=\"https:\/\/aurafundacio.org\/wp-content\/uploads\/2025\/12\/cofinancat-ue-1.png\" class=\"attachment-large size-large wp-image-5108\" alt=\"\" \/>\t\t\t\t\t\t\t\t\t\t\t\t\t\t\t<\/div>\n\t\t\t\t<\/div>\n\t\t\t\t\t<\/div>\n\t\t<\/div>\n\t\t\t\t\t<\/div>\n\t\t<\/section>\n\t\t\t\t<\/div>\n\t\t","protected":false},"excerpt":{"rendered":"<p>DESCUBRE UN ESPACIO QUE CREE EN TI \u00bfQU\u00c9 HACEMOS? Para las personas usuarias. Te acompa\u00f1amos en tu d\u00eda a d\u00eda para que puedas decidir c\u00f3mo quieres vivir tu vida. Te ofrecemos los apoyos necesariospara encontrar un trabajo adecuadoa tus necesidades y capacidades. Vivir de forma independiente,recibir una educaci\u00f3n y trabajarson derechos de todas las personaspara [&hellip;]<\/p>\n","protected":false},"author":1,"featured_media":0,"parent":0,"menu_order":0,"comment_status":"closed","ping_status":"closed","template":"","meta":{"footnotes":""},"class_list":["post-2862","page","type-page","status-publish","hentry"],"yoast_head":"<!-- This site is optimized with the Yoast SEO plugin v27.4 - https:\/\/yoast.com\/product\/yoast-seo-wordpress\/ -->\n<title>Por el usuario - Aura fundaci\u00f3<\/title>\n<meta name=\"robots\" content=\"index, follow, max-snippet:-1, max-image-preview:large, max-video-preview:-1\" \/>\n<link rel=\"canonical\" href=\"https:\/\/aurafundacio.org\/es\/por-el-usuario-2\/\" \/>\n<meta property=\"og:locale\" content=\"es_ES\" \/>\n<meta property=\"og:type\" content=\"article\" \/>\n<meta property=\"og:title\" content=\"Por el usuario - Aura fundaci\u00f3\" \/>\n<meta property=\"og:description\" content=\"DESCUBRE UN ESPACIO QUE CREE EN TI \u00bfQU\u00c9 HACEMOS? Para las personas usuarias. Te acompa\u00f1amos en tu d\u00eda a d\u00eda para que puedas decidir c\u00f3mo quieres vivir tu vida. Te ofrecemos los apoyos necesariospara encontrar un trabajo adecuadoa tus necesidades y capacidades. Vivir de forma independiente,recibir una educaci\u00f3n y trabajarson derechos de todas las personaspara [&hellip;]\" \/>\n<meta property=\"og:url\" content=\"https:\/\/aurafundacio.org\/es\/por-el-usuario-2\/\" \/>\n<meta property=\"og:site_name\" content=\"Aura fundaci\u00f3\" \/>\n<meta property=\"article:modified_time\" content=\"2026-02-16T09:04:37+00:00\" \/>\n<meta property=\"og:image\" content=\"https:\/\/aurafundacio.org\/wp-content\/uploads\/2023\/11\/MicrosoftTeams-image-54-e1699607922167.png\" \/>\n\t<meta property=\"og:image:width\" content=\"613\" \/>\n\t<meta property=\"og:image:height\" content=\"559\" \/>\n\t<meta property=\"og:image:type\" content=\"image\/png\" \/>\n<meta name=\"twitter:card\" content=\"summary_large_image\" \/>\n<meta name=\"twitter:label1\" content=\"Tiempo de lectura\" \/>\n\t<meta name=\"twitter:data1\" content=\"4 minutos\" \/>\n<script type=\"application\/ld+json\" class=\"yoast-schema-graph\">{\"@context\":\"https:\\\/\\\/schema.org\",\"@graph\":[{\"@type\":\"WebPage\",\"@id\":\"https:\\\/\\\/aurafundacio.org\\\/es\\\/por-el-usuario-2\\\/\",\"url\":\"https:\\\/\\\/aurafundacio.org\\\/es\\\/por-el-usuario-2\\\/\",\"name\":\"Por el usuario - Aura fundaci\u00f3\",\"isPartOf\":{\"@id\":\"https:\\\/\\\/aurafundacio.org\\\/es\\\/#website\"},\"primaryImageOfPage\":{\"@id\":\"https:\\\/\\\/aurafundacio.org\\\/es\\\/por-el-usuario-2\\\/#primaryimage\"},\"image\":{\"@id\":\"https:\\\/\\\/aurafundacio.org\\\/es\\\/por-el-usuario-2\\\/#primaryimage\"},\"thumbnailUrl\":\"https:\\\/\\\/aurafundacio.org\\\/wp-content\\\/uploads\\\/2023\\\/11\\\/MicrosoftTeams-image-54-e1699607922167.png\",\"datePublished\":\"2024-10-10T15:12:25+00:00\",\"dateModified\":\"2026-02-16T09:04:37+00:00\",\"breadcrumb\":{\"@id\":\"https:\\\/\\\/aurafundacio.org\\\/es\\\/por-el-usuario-2\\\/#breadcrumb\"},\"inLanguage\":\"es\",\"potentialAction\":[{\"@type\":\"ReadAction\",\"target\":[\"https:\\\/\\\/aurafundacio.org\\\/es\\\/por-el-usuario-2\\\/\"]}]},{\"@type\":\"ImageObject\",\"inLanguage\":\"es\",\"@id\":\"https:\\\/\\\/aurafundacio.org\\\/es\\\/por-el-usuario-2\\\/#primaryimage\",\"url\":\"https:\\\/\\\/aurafundacio.org\\\/wp-content\\\/uploads\\\/2023\\\/11\\\/MicrosoftTeams-image-54-e1699607922167.png\",\"contentUrl\":\"https:\\\/\\\/aurafundacio.org\\\/wp-content\\\/uploads\\\/2023\\\/11\\\/MicrosoftTeams-image-54-e1699607922167.png\"},{\"@type\":\"BreadcrumbList\",\"@id\":\"https:\\\/\\\/aurafundacio.org\\\/es\\\/por-el-usuario-2\\\/#breadcrumb\",\"itemListElement\":[{\"@type\":\"ListItem\",\"position\":1,\"name\":\"Home\",\"item\":\"https:\\\/\\\/aurafundacio.org\\\/es\\\/hombre\\\/\"},{\"@type\":\"ListItem\",\"position\":2,\"name\":\"Por el usuario\"}]},{\"@type\":\"WebSite\",\"@id\":\"https:\\\/\\\/aurafundacio.org\\\/es\\\/#website\",\"url\":\"https:\\\/\\\/aurafundacio.org\\\/es\\\/\",\"name\":\"Aura fundaci\u00f3\",\"description\":\"Serveis per a la inclusi\u00f3 social i laboral de persones amb discapacitat intel\u00b7lectual.\",\"publisher\":{\"@id\":\"https:\\\/\\\/aurafundacio.org\\\/es\\\/#organization\"},\"potentialAction\":[{\"@type\":\"SearchAction\",\"target\":{\"@type\":\"EntryPoint\",\"urlTemplate\":\"https:\\\/\\\/aurafundacio.org\\\/es\\\/?s={search_term_string}\"},\"query-input\":{\"@type\":\"PropertyValueSpecification\",\"valueRequired\":true,\"valueName\":\"search_term_string\"}}],\"inLanguage\":\"es\"},{\"@type\":\"Organization\",\"@id\":\"https:\\\/\\\/aurafundacio.org\\\/es\\\/#organization\",\"name\":\"Aura fundaci\u00f3\",\"url\":\"https:\\\/\\\/aurafundacio.org\\\/es\\\/\",\"logo\":{\"@type\":\"ImageObject\",\"inLanguage\":\"es\",\"@id\":\"https:\\\/\\\/aurafundacio.org\\\/es\\\/#\\\/schema\\\/logo\\\/image\\\/\",\"url\":\"https:\\\/\\\/aurafundacio.org\\\/wp-content\\\/uploads\\\/2026\\\/01\\\/LOGO-WEB-2-4.png\",\"contentUrl\":\"https:\\\/\\\/aurafundacio.org\\\/wp-content\\\/uploads\\\/2026\\\/01\\\/LOGO-WEB-2-4.png\",\"width\":130,\"height\":200,\"caption\":\"Aura fundaci\u00f3\"},\"image\":{\"@id\":\"https:\\\/\\\/aurafundacio.org\\\/es\\\/#\\\/schema\\\/logo\\\/image\\\/\"}}]}<\/script>\n<!-- \/ Yoast SEO plugin. -->","yoast_head_json":{"title":"Por el usuario - Aura fundaci\u00f3","robots":{"index":"index","follow":"follow","max-snippet":"max-snippet:-1","max-image-preview":"max-image-preview:large","max-video-preview":"max-video-preview:-1"},"canonical":"https:\/\/aurafundacio.org\/es\/por-el-usuario-2\/","og_locale":"es_ES","og_type":"article","og_title":"Por el usuario - Aura fundaci\u00f3","og_description":"DESCUBRE UN ESPACIO QUE CREE EN TI \u00bfQU\u00c9 HACEMOS? Para las personas usuarias. Te acompa\u00f1amos en tu d\u00eda a d\u00eda para que puedas decidir c\u00f3mo quieres vivir tu vida. Te ofrecemos los apoyos necesariospara encontrar un trabajo adecuadoa tus necesidades y capacidades. Vivir de forma independiente,recibir una educaci\u00f3n y trabajarson derechos de todas las personaspara [&hellip;]","og_url":"https:\/\/aurafundacio.org\/es\/por-el-usuario-2\/","og_site_name":"Aura fundaci\u00f3","article_modified_time":"2026-02-16T09:04:37+00:00","og_image":[{"width":613,"height":559,"url":"https:\/\/aurafundacio.org\/wp-content\/uploads\/2023\/11\/MicrosoftTeams-image-54-e1699607922167.png","type":"image\/png"}],"twitter_card":"summary_large_image","twitter_misc":{"Tiempo de lectura":"4 minutos"},"schema":{"@context":"https:\/\/schema.org","@graph":[{"@type":"WebPage","@id":"https:\/\/aurafundacio.org\/es\/por-el-usuario-2\/","url":"https:\/\/aurafundacio.org\/es\/por-el-usuario-2\/","name":"Por el usuario - Aura fundaci\u00f3","isPartOf":{"@id":"https:\/\/aurafundacio.org\/es\/#website"},"primaryImageOfPage":{"@id":"https:\/\/aurafundacio.org\/es\/por-el-usuario-2\/#primaryimage"},"image":{"@id":"https:\/\/aurafundacio.org\/es\/por-el-usuario-2\/#primaryimage"},"thumbnailUrl":"https:\/\/aurafundacio.org\/wp-content\/uploads\/2023\/11\/MicrosoftTeams-image-54-e1699607922167.png","datePublished":"2024-10-10T15:12:25+00:00","dateModified":"2026-02-16T09:04:37+00:00","breadcrumb":{"@id":"https:\/\/aurafundacio.org\/es\/por-el-usuario-2\/#breadcrumb"},"inLanguage":"es","potentialAction":[{"@type":"ReadAction","target":["https:\/\/aurafundacio.org\/es\/por-el-usuario-2\/"]}]},{"@type":"ImageObject","inLanguage":"es","@id":"https:\/\/aurafundacio.org\/es\/por-el-usuario-2\/#primaryimage","url":"https:\/\/aurafundacio.org\/wp-content\/uploads\/2023\/11\/MicrosoftTeams-image-54-e1699607922167.png","contentUrl":"https:\/\/aurafundacio.org\/wp-content\/uploads\/2023\/11\/MicrosoftTeams-image-54-e1699607922167.png"},{"@type":"BreadcrumbList","@id":"https:\/\/aurafundacio.org\/es\/por-el-usuario-2\/#breadcrumb","itemListElement":[{"@type":"ListItem","position":1,"name":"Home","item":"https:\/\/aurafundacio.org\/es\/hombre\/"},{"@type":"ListItem","position":2,"name":"Por el usuario"}]},{"@type":"WebSite","@id":"https:\/\/aurafundacio.org\/es\/#website","url":"https:\/\/aurafundacio.org\/es\/","name":"Aura fundaci\u00f3","description":"Serveis per a la inclusi\u00f3 social i laboral de persones amb discapacitat intel\u00b7lectual.","publisher":{"@id":"https:\/\/aurafundacio.org\/es\/#organization"},"potentialAction":[{"@type":"SearchAction","target":{"@type":"EntryPoint","urlTemplate":"https:\/\/aurafundacio.org\/es\/?s={search_term_string}"},"query-input":{"@type":"PropertyValueSpecification","valueRequired":true,"valueName":"search_term_string"}}],"inLanguage":"es"},{"@type":"Organization","@id":"https:\/\/aurafundacio.org\/es\/#organization","name":"Aura fundaci\u00f3","url":"https:\/\/aurafundacio.org\/es\/","logo":{"@type":"ImageObject","inLanguage":"es","@id":"https:\/\/aurafundacio.org\/es\/#\/schema\/logo\/image\/","url":"https:\/\/aurafundacio.org\/wp-content\/uploads\/2026\/01\/LOGO-WEB-2-4.png","contentUrl":"https:\/\/aurafundacio.org\/wp-content\/uploads\/2026\/01\/LOGO-WEB-2-4.png","width":130,"height":200,"caption":"Aura fundaci\u00f3"},"image":{"@id":"https:\/\/aurafundacio.org\/es\/#\/schema\/logo\/image\/"}}]}},"_links":{"self":[{"href":"https:\/\/aurafundacio.org\/es\/wp-json\/wp\/v2\/pages\/2862","targetHints":{"allow":["GET"]}}],"collection":[{"href":"https:\/\/aurafundacio.org\/es\/wp-json\/wp\/v2\/pages"}],"about":[{"href":"https:\/\/aurafundacio.org\/es\/wp-json\/wp\/v2\/types\/page"}],"author":[{"embeddable":true,"href":"https:\/\/aurafundacio.org\/es\/wp-json\/wp\/v2\/users\/1"}],"replies":[{"embeddable":true,"href":"https:\/\/aurafundacio.org\/es\/wp-json\/wp\/v2\/comments?post=2862"}],"version-history":[{"count":51,"href":"https:\/\/aurafundacio.org\/es\/wp-json\/wp\/v2\/pages\/2862\/revisions"}],"predecessor-version":[{"id":5738,"href":"https:\/\/aurafundacio.org\/es\/wp-json\/wp\/v2\/pages\/2862\/revisions\/5738"}],"wp:attachment":[{"href":"https:\/\/aurafundacio.org\/es\/wp-json\/wp\/v2\/media?parent=2862"}],"curies":[{"name":"wp","href":"https:\/\/api.w.org\/{rel}","templated":true}]}}